{"id":42,"date":"2022-01-25T17:11:43","date_gmt":"2022-01-25T17:11:43","guid":{"rendered":"https:\/\/blecherne-saitn.de\/wpbs\/?page_id=42"},"modified":"2022-01-25T17:11:43","modified_gmt":"2022-01-25T17:11:43","slug":"impressum","status":"publish","type":"page","link":"https:\/\/blecherne-saitn.de\/?page_id=42","title":{"rendered":"IMPRESSUM"},"content":{"rendered":"\n<p><strong>Verantwortlich f\u00fcr den Inhalt<\/strong><\/p>\n\n\n\n<p>Ingrid und Franz Gericke<br>M\u00fchlweg 5<br>92253 Schnaittenbach<\/p>\n\n\n\n<p>Tel: 09622 718178<\/p>\n\n\n\n<p>E-mail: <a href=\"mailto:info@blecherne-saitn.de\">info@blecherne-saitn.de<\/a><\/p>\n\n\n\n<hr class=\"wp-block-separator\"\/>\n\n\n\n<h3 class=\"wp-block-heading\">Haftung f\u00fcr Inhalte<\/h3>\n\n\n\n<p>Obwohl wir uns um Aktualit\u00e4t, Vollst\u00e4ndigkeit und<br>Richtigkeit der Inhalte unserer Seiten bem\u00fchen,<br>k\u00f6nnen wir hierf\u00fcr keine Garantie \u00fcbernehmen.<\/p>\n\n\n\n<p>Nach \u00a7 7 Absatz 1 TDG sind wir als Diensteanbieter f\u00fcr<br>eigene Inhalte auf unseren Seiten<br>nach den allgemeinen Gesetzen verantwortlich.<\/p>\n\n\n\n<p>Eine Verpflichtung zur \u00dcberwachung \u00fcbermittelter oder<br>gespeicherter fremder Informationen<br>besteht jedoch nicht (\u00a7\u00a7 8-10 TDG).<br>Sobald uns Rechtsverst\u00f6\u00dfe bekannt werden, werden wir<br>die entsprechenden Inhalte umgehend entfernen.<br>Eine dahingehende Haftung wird jedoch erst ab<br>dem Zeitpunkt der Kenntnis<br>konkreter Rechtsverletzungen \u00fcbernommen.<\/p>\n\n\n\n<h3 class=\"wp-block-heading\">Haftung f\u00fcr Links<\/h3>\n\n\n\n<p>Unsere Seiten enthalten Links<br>auf externe Webseiten Dritter.<br>Auf die Inhalte dieser verlinkten Webseiten<br>haben wir keinen Einfluss.<br>F\u00fcr die Richtigkeit der Inhalte ist immer<br>der jeweilige Anbieter oder Betreiber verantwortlich,<br>weshalb wir diesbez\u00fcglich keinerlei Gew\u00e4hr \u00fcbernehmen.<\/p>\n\n\n\n<p>Die fremden Webseiten haben wir zum Zeitpunkt<br>der Verlinkung auf m\u00f6gliche Rechtsverst\u00f6\u00dfe \u00fcberpr\u00fcft.<br>Zum Zeitpunkt der Verlinkung waren<br>keinerlei Rechtsverletzungen erkennbar.<br>Eine st\u00e4ndige \u00dcberpr\u00fcfung s\u00e4mtlicher Inhalte<br>der von uns verlinkten Seiten<br>ohne tats\u00e4chliche Anhaltspunkte<br>f\u00fcr einen Rechtsversto\u00df k\u00f6nnen wir nicht leisten.<br>Falls uns Rechtsverletzungen bekannt werden,<br>werden wir die entsprechenden Links sofort entfernen.<\/p>\n\n\n\n<h3 class=\"wp-block-heading\">Urheberrecht<\/h3>\n\n\n\n<p>Die durch den Betreiber dieser Seite erstellten<br>Inhalte und Werke auf diesen Webseiten unterliegen<br>dem deutschen Urheberrecht.<br>S\u00e4mtliche Beitr\u00e4ge Dritter sind als solche gekennzeichnet.<br>Die Vervielf\u00e4ltigung, Bearbeitung, Verbreitung und<br>jede Art der Verwertung au\u00dferhalb<br>der Grenzen des Urheberrechts<br>bed\u00fcrfen der schriftlichen Zustimmung des<br>jeweiligen Autors bzw. Erstellers.<br>Kopien von diesen Seiten sind<br>nur f\u00fcr den privaten Bereich gestattet,<br>nicht jedoch f\u00fcr kommerzielle Zwecke.<\/p>\n\n\n\n<h3 class=\"wp-block-heading\">Datenschutz<\/h3>\n\n\n\n<p>F\u00fcr die Sicherheit der Daten\u00fcbertragung im Internet<br>k\u00f6nnen wir keine Gew\u00e4hr \u00fcbernehmen,<br>insbesondere besteht bei der<br>\u00dcbertragung von Daten per E-Mail<br>die Gefahr des Zugriffs durch Dritte.<\/p>\n\n\n\n<p>Im Falle der Erhebung personenbezogener Daten<br>auf unseren Seiten erfolgt die Preisgabe dieser Daten<br>seitens des Nutzers stets auf freiwilliger Basis.<br>Die Inanspruchnahme und Bezahlung aller angebotenen Dienste<br>ist auch ohne Angabe solcher Daten bzw.<br>unter Angabe anonymisierter Daten<br>oder eines Pseudonyms gestattet,<br>soweit dies technisch m\u00f6glich und zumutbar ist .<\/p>\n\n\n\n<p>Einer Nutzung der im Impressum ver\u00f6ffentlichten<br>Kontaktdaten durch Dritte zu Werbezwecken<br>wird hiermit ausdr\u00fccklich widersprochen.<br>Der Betreiber beh\u00e4lt sich f\u00fcr den Fall<br>unverlangt zugesandter<br>Werbe- oder Informationsmaterialien<br>ausdr\u00fccklich rechtliche Schritte vor.<\/p>\n\n\n\n<h3 class=\"wp-block-heading\">Rechtswirksamkeit dieses Haftungsausschlusses<\/h3>\n\n\n\n<p>Sollten einzelne Regelungen<br>oder Formulierungen dieses Haftungsausschlusses<br>unwirksam sein oder werden,<br>bleiben die \u00fcbrigen Regelungen<br>in ihrem Inhalt und ihrer G\u00fcltigkeit hiervon unber\u00fchrt.<\/p>\n\n\n\n<p>Quelle: <a href=\"http:\/\/www.anwalt-seiten.de\" target=\"_blank\" rel=\"noreferrer noopener\">anwalt-seiten.de<\/a><\/p>\n","protected":false},"excerpt":{"rendered":"<p>Verantwortlich f\u00fcr den Inhalt Ingrid und Franz GerickeM\u00fchlweg 592253 Schnaittenbach Tel: 09622 718178 E-mail: info@blecherne-saitn.de Haftung f\u00fcr Inhalte Obwohl wir uns um Aktualit\u00e4t, Vollst\u00e4ndigkeit undRichtigkeit der Inhalte unserer Seiten bem\u00fchen,k\u00f6nnen wir hierf\u00fcr keine Garantie \u00fcbernehmen. Nach \u00a7 7 Absatz 1 &hellip; <a href=\"https:\/\/blecherne-saitn.de\/?page_id=42\">Weiterlesen <span class=\"meta-nav\">&rarr;<\/span><\/a><\/p>\n","protected":false},"author":1,"featured_media":0,"parent":0,"menu_order":0,"comment_status":"closed","ping_status":"closed","template":"","meta":{"extendify_custom_stylesheet":"","footnotes":""},"class_list":["post-42","page","type-page","status-publish","hentry"],"_links":{"self":[{"href":"https:\/\/blecherne-saitn.de\/index.php?rest_route=\/wp\/v2\/pages\/42","targetHints":{"allow":["GET"]}}],"collection":[{"href":"https:\/\/blecherne-saitn.de\/index.php?rest_route=\/wp\/v2\/pages"}],"about":[{"href":"https:\/\/blecherne-saitn.de\/index.php?rest_route=\/wp\/v2\/types\/page"}],"author":[{"embeddable":true,"href":"https:\/\/blecherne-saitn.de\/index.php?rest_route=\/wp\/v2\/users\/1"}],"replies":[{"embeddable":true,"href":"https:\/\/blecherne-saitn.de\/index.php?rest_route=%2Fwp%2Fv2%2Fcomments&post=42"}],"version-history":[{"count":0,"href":"https:\/\/blecherne-saitn.de\/index.php?rest_route=\/wp\/v2\/pages\/42\/revisions"}],"wp:attachment":[{"href":"https:\/\/blecherne-saitn.de\/index.php?rest_route=%2Fwp%2Fv2%2Fmedia&parent=42"}],"curies":[{"name":"wp","href":"https:\/\/api.w.org\/{rel}","templated":true}]}}